{"id":264478,"date":"2021-03-22T11:19:08","date_gmt":"2021-03-22T11:19:08","guid":{"rendered":"https:\/\/www.visatravel.fr\/?page_id=264478"},"modified":"2024-09-26T12:08:08","modified_gmt":"2024-09-26T12:08:08","slug":"cuba","status":"publish","type":"page","link":"https:\/\/www.visatravel.fr\/en\/visas\/cuba\/","title":{"rendered":"Visa &#8211; Cuba"},"content":{"rendered":"<p>[et_pb_section fb_built=&#8221;1&#8243; admin_label=&#8221;Header &#8211; Image | Section&#8221; module_class=&#8221;global-section full-slider-section image animation-type for-toBottom&#8221; _builder_version=&#8221;4.16&#8243; background_enable_image=&#8221;off&#8221; locked=&#8221;off&#8221; collapsed=&#8221;off&#8221; global_colors_info=&#8221;{}&#8221;][et_pb_row admin_label=&#8221;Image | Row&#8221; module_class=&#8221;full-slider-row image&#8221; _builder_version=&#8221;4.16&#8243; width=&#8221;100%&#8221; max_width=&#8221;100%&#8221; height=&#8221;100%&#8221; global_colors_info=&#8221;{}&#8221;][et_pb_column type=&#8221;4_4&#8243; module_class=&#8221;col1&#8243; _builder_version=&#8221;4.16&#8243; global_colors_info=&#8221;{}&#8221;][et_pb_slider show_arrows=&#8221;off&#8221; admin_label=&#8221;Slider&#8221; module_class=&#8221;full-slider-module image&#8221; _builder_version=&#8221;4.16&#8243; background_color_gradient_direction=&#8221;90deg&#8221; background_enable_image=&#8221;off&#8221; width=&#8221;100%&#8221; height=&#8221;100%&#8221; auto=&#8221;on&#8221; auto_ignore_hover=&#8221;on&#8221; global_colors_info=&#8221;{}&#8221;][et_pb_slide admin_title=&#8221;Image&#8221; _builder_version=&#8221;4.16&#8243; background_enable_color=&#8221;off&#8221; background_image=&#8221;https:\/\/www.visatravel.fr\/wp-content\/uploads\/2021\/03\/Cuba.jpg&#8221; background_enable_image=&#8221;on&#8221; global_colors_info=&#8221;{}&#8221; sticky_transition=&#8221;on&#8221;]<\/p>\n<h1 class=\"main-title\">Visas for Cuba<\/h1>\n<h2 class=\"secondary-title\">Visa Travel International<\/h2>\n<p>[\/et_pb_slide][\/et_pb_slider][\/et_pb_column][\/et_pb_row][\/et_pb_section][et_pb_section fb_built=&#8221;1&#8243; admin_label=&#8221;Menu &#8211; Toggle | Section&#8221; module_class=&#8221;global-section neto-menu-section visas toggled animation-type for-toRight &#8221; _builder_version=&#8221;4.16&#8243; _module_preset=&#8221;default&#8221; locked=&#8221;off&#8221; collapsed=&#8221;off&#8221; global_colors_info=&#8221;{}&#8221;][et_pb_row admin_label=&#8221;Titre | Row&#8221; _builder_version=&#8221;4.16&#8243; _module_preset=&#8221;default&#8221; global_colors_info=&#8221;{}&#8221;][et_pb_column type=&#8221;4_4&#8243; _builder_version=&#8221;4.16&#8243; _module_preset=&#8221;default&#8221; global_colors_info=&#8221;{}&#8221;][et_pb_text admin_label=&#8221;Titre&#8221; module_class=&#8221;title-module center&#8221; _builder_version=&#8221;4.16&#8243; _module_preset=&#8221;default&#8221; locked=&#8221;off&#8221; global_colors_info=&#8221;{}&#8221;]<\/p>\n<h2 class=\"main-title\">Important information for Cuba<\/h2>\n<p>[\/et_pb_text][\/et_pb_column][\/et_pb_row][et_pb_row column_structure=&#8221;1_3,1_3,1_3&#8243; use_custom_gutter=&#8221;on&#8221; gutter_width=&#8221;2&#8243; make_equal=&#8221;on&#8221; admin_label=&#8221;Menu &#8211; Triggers | Row&#8221; module_class=&#8221;neto-menu-trigger-row&#8221; _builder_version=&#8221;4.16&#8243; _module_preset=&#8221;default&#8221; global_colors_info=&#8221;{}&#8221;][et_pb_column type=&#8221;1_3&#8243; _builder_version=&#8221;4.16&#8243; _module_preset=&#8221;default&#8221; global_colors_info=&#8221;{}&#8221;][et_pb_blurb admin_label=&#8221;Informations&#8221; module_id=&#8221;div-1&#8243; module_class=&#8221;menustyle-button-module informations-conditions div-trigger div-trigger-open-first active&#8221; _builder_version=&#8221;4.16&#8243; _module_preset=&#8221;default&#8221; global_colors_info=&#8221;{}&#8221;]<span class=\"icon-informations-conditions\"><\/span><\/p>\n<p>Information and conditions of entry into the country<\/p>\n<p>[\/et_pb_blurb][\/et_pb_column][et_pb_column type=&#8221;1_3&#8243; _builder_version=&#8221;4.16&#8243; _module_preset=&#8221;default&#8221; global_colors_info=&#8221;{}&#8221;][et_pb_blurb admin_label=&#8221;Documents&#8221; module_id=&#8221;div-2&#8243; module_class=&#8221;menustyle-button-module documents div-trigger&#8221; _builder_version=&#8221;4.16&#8243; _module_preset=&#8221;default&#8221; global_colors_info=&#8221;{}&#8221;]<span class=\"icon-documents\"><\/span><\/p>\n<p>Documents to be provided<\/p>\n<p>[\/et_pb_blurb][\/et_pb_column][et_pb_column type=&#8221;1_3&#8243; _builder_version=&#8221;4.16&#8243; _module_preset=&#8221;default&#8221; global_colors_info=&#8221;{}&#8221;][\/et_pb_column][\/et_pb_row][et_pb_row admin_label=&#8221;1 &#8211; Menu &#8211; Content | Row&#8221; module_id=&#8221;div-to-show&#8221; module_class=&#8221;neto-menu-content-row div-content div-1 animation-type for-toRight menu-from-left&#8221; _builder_version=&#8221;4.16&#8243; _module_preset=&#8221;default&#8221; global_colors_info=&#8221;{}&#8221;][et_pb_column type=&#8221;4_4&#8243; module_class=&#8221;menu-from-left-trigger-animation&#8221; _builder_version=&#8221;4.16&#8243; _module_preset=&#8221;default&#8221; global_colors_info=&#8221;{}&#8221;][et_pb_accordion admin_label=&#8221;Informations&#8221; _builder_version=&#8221;4.16&#8243; _module_preset=&#8221;default&#8221; global_colors_info=&#8221;{}&#8221;][et_pb_accordion_item title=&#8221;General information&#8221; open=&#8221;on&#8221; _builder_version=&#8221;4.16&#8243; _module_preset=&#8221;default&#8221; global_colors_info=&#8221;{}&#8221; toggle_level=&#8221;h3&#8243;]<\/p>\n<p><span>To travel to Cuba a <strong>Visa<\/strong> or <strong>eVisa<\/strong> is <\/span><span>usually required<\/span><span> with a few exceptions.<\/span><\/p>\n<p><span>Are exempt from visas, if stay of less than 90 days: Liechtenstein, Malaysia, Montenegro and Serbia. If the stay does not exceed 30 days: Belarus, Benin, Bosnia, Georgia, Kazakhstan, Kyrgyzstan, Macedonia, Moldova, Mongolia, Namibia, Russia, Slovakia, Tajikistan and Turkmenistan.<\/span><\/p>\n<p><span style=\"color: rgba(0, 35, 165, 0.7);\"><strong>Visa Travel International<\/strong><\/span><span> is an agency approved by the Cuban Consulate to assist you in your steps, regardless of the type of visa you would need.<\/span><\/p>\n<p><span>To this end you will find on this page all the information and answers to the questions that will be useful to you in order to obtain your visa. If this is not the case, please return to us so that we can give you all the information you need.<\/span><\/p>\n<p>[\/et_pb_accordion_item][et_pb_accordion_item title=&#8221;Do you need a Visa for Cuba ?&#8221; _builder_version=&#8221;4.16&#8243; _module_preset=&#8221;default&#8221; global_colors_info=&#8221;{}&#8221; toggle_level=&#8221;h3&#8243; open=&#8221;off&#8221;]<\/p>\n<p><span>Obtaining a <strong>Visa<\/strong> (Business) or <strong>eVisa<\/strong> (Tourism) before departure is required to travel to Cuba.<\/span><\/p>\n<p><strong>It should be noted <\/strong><span>that no visa is issued upon arrival in the country. Therefore, it is <\/span><span>imperative<\/span><span> that the traveller apply to the Cuban Embassy in Paris.<\/span><\/p>\n<p>[\/et_pb_accordion_item][et_pb_accordion_item title=&#8221;Conditions of entry in Cuba&#8221; _builder_version=&#8221;4.16&#8243; _module_preset=&#8221;default&#8221; global_colors_info=&#8221;{}&#8221; toggle_level=&#8221;h3&#8243; open=&#8221;off&#8221;]<\/p>\n<p><span>In order to enter Cuban territory, the traveller will need to carry his <strong>passport<\/strong> with a <strong>Visa<\/strong> or <strong>eVisa<\/strong> as well as a <strong>return flight ticket<\/strong>.<\/span><\/p>\n<p><strong>It should be noted<\/strong><span> that, even if the traveller is in possession of all the documents requested to validate his entry into Cuba, the Cuban authorities reserve the right to refuse access to their territory without having to justify it.<\/span><\/p>\n<p>[\/et_pb_accordion_item][et_pb_accordion_item title=&#8221;Understanding the Visa for Cuba&#8221; _builder_version=&#8221;4.16&#8243; _module_preset=&#8221;default&#8221; global_colors_info=&#8221;{}&#8221; toggle_level=&#8221;h3&#8243; open=&#8221;off&#8221;]<\/p>\n<p><span>The business <strong>Visa<\/strong> is valid for 6 months from the date of issuance for a stay of up to 30 days.<\/span><\/p>\n<p><span>The tourism <strong>eVisa<\/strong> is valid for 3 months.<\/span><\/p>\n<p>[\/et_pb_accordion_item][\/et_pb_accordion][\/et_pb_column][\/et_pb_row][et_pb_row admin_label=&#8221;2 &#8211; Menu &#8211; Content | Row&#8221; module_id=&#8221;div-to-show&#8221; module_class=&#8221;neto-menu-content-row div-content div-2 animation-type for-toRight menu-from-left&#8221; _builder_version=&#8221;4.16&#8243; _module_preset=&#8221;default&#8221; global_colors_info=&#8221;{}&#8221;][et_pb_column type=&#8221;4_4&#8243; module_class=&#8221;menu-from-left-trigger-animation&#8221; _builder_version=&#8221;4.16&#8243; _module_preset=&#8221;default&#8221; global_colors_info=&#8221;{}&#8221;][et_pb_accordion admin_label=&#8221;Documents \u00e0 fournir&#8221; _builder_version=&#8221;4.18.0&#8243; _module_preset=&#8221;default&#8221; global_colors_info=&#8221;{}&#8221;][et_pb_accordion_item title=&#8221;Documents to be provided : Visa Business&#8221; open=&#8221;off&#8221; _builder_version=&#8221;4.16&#8243; _module_preset=&#8221;default&#8221; global_colors_info=&#8221;{}&#8221; toggle_level=&#8221;h3&#8243;]<\/p>\n<div class=\"download-pdf\"><a href=\"https:\/\/www.visatravel.fr\/wp-content\/uploads\/2021\/03\/Docs-\u00e0-fournir-Cuba-Business.pdf\" target=\"_blank\" rel=\"noopener noreferrer\"><\/a><\/div>\n<ul>\n<li>An original <strong>passport<\/strong>, signed and valid for at least 6 months &#8211; A photocopy of the passport data page.<\/li>\n<\/ul>\n<ul>\n<li>A completed and signed <span style=\"text-decoration: underline;\"><a href=\"https:\/\/www.visatravel.fr\/wp-content\/uploads\/2021\/03\/Cuba-Form.pdf\">form<\/a><\/span><\/li>\n<\/ul>\n<ul>\n<li>A &#8220;identity&#8221; <strong>photo<\/strong> from the front<\/li>\n<\/ul>\n<ul>\n<li>A <strong>letter of invitation<\/strong> from your correspondents indicating the reason, duration of stay, contact information of the correspondent and the cost of stay and travel<\/li>\n<\/ul>\n<ul>\n<li>A <strong>letter from your company<\/strong> stating the reason, duration of stay, contact information of the correspondent and the cost of stay and travel<\/li>\n<\/ul>\n<ul>\n<li>A certificate of <strong>repatriation insurance<\/strong><\/li>\n<\/ul>\n<ul>\n<li>A copy of the <strong>return flight ticket<\/strong><\/li>\n<\/ul>\n<p><strong><\/strong><\/p>\n<ul>\n<li>A copy of the <strong>residence card<\/strong> as well as a proof of residence for <span style=\"text-decoration: underline;\">non-French people<\/span>.<\/li>\n<\/ul>\n<p>[\/et_pb_accordion_item][et_pb_accordion_item title=&#8221;Documents to be provided : eVisa Tourism&#8221; _builder_version=&#8221;4.18.0&#8243; _module_preset=&#8221;default&#8221; global_colors_info=&#8221;{}&#8221; toggle_level=&#8221;h3&#8243; open=&#8221;on&#8221;]<\/p>\n<div class=\"download-pdf\"><a href=\"https:\/\/www.visatravel.fr\/wp-content\/uploads\/2024\/09\/Docs-a-fournir-Cuba-eVisa-Tourism-S24.pdf\" target=\"_blank\" rel=\"noopener noreferrer\"><\/a><\/div>\n<ul>\n<li>\n<p>A copy\/scan of the <strong>passport data page<\/strong><\/p>\n<\/li>\n<\/ul>\n<ul>\n<li>\n<p>A <a href=\"https:\/\/www.visatravel.fr\/wp-content\/uploads\/2024\/09\/Formulaire-eVisa-Tourism-Cuba.pdf\"><strong><span style=\"text-decoration: underline;\">form<\/span><\/strong><\/a> duly completed and returned to VTI by email (<strong><span style=\"color: rgba(0, 35, 165, 0.7);\">contact@visatravel.fr<\/span><\/strong>)<\/p>\n<\/li>\n<\/ul>\n<ul>\n<li>\n<p>A copy of the <strong>return flight ticket<\/strong><\/p>\n<\/li>\n<\/ul>\n<ul>\n<li>\n<p>A repatriation <strong>insurance certificate<\/strong> (\u2013&gt; NB: <span style=\"color: rgba(0, 35, 165, 0.7);\"><strong>Visa Travel International<\/strong><\/span> can propose to you you this insurance on our website)<\/p>\n<p><span style=\"font-size: var(--body-font-size); font-family: var(--body-font); color: var(--black-70);\"><\/span><span style=\"font-size: var(--body-font-size); font-family: var(--body-font); color: var(--black-70);\">\u2013&gt; These documents can be provided to us by email to the address <\/span><span style=\"font-size: var(--body-font-size); font-family: var(--body-font); color: rgba(0, 35, 165, 0.7);\"><strong>contact@visatravel.fr<\/strong><\/span><\/p>\n<\/li>\n<\/ul>\n<p>[\/et_pb_accordion_item][\/et_pb_accordion][\/et_pb_column][\/et_pb_row][et_pb_row admin_label=&#8221;3 &#8211; Menu &#8211; Content | Row&#8221; module_id=&#8221;div-to-show&#8221; module_class=&#8221;neto-menu-content-row div-content div-3 animation-type for-toRight menu-from-left&#8221; _builder_version=&#8221;4.16&#8243; _module_preset=&#8221;default&#8221; global_colors_info=&#8221;{}&#8221;][et_pb_column type=&#8221;4_4&#8243; module_class=&#8221;menu-from-left-trigger-animation&#8221; _builder_version=&#8221;4.16&#8243; _module_preset=&#8221;default&#8221; global_colors_info=&#8221;{}&#8221;][et_pb_accordion admin_label=&#8221;FAQ&#8221; _builder_version=&#8221;4.16&#8243; _module_preset=&#8221;default&#8221; global_colors_info=&#8221;{}&#8221;][et_pb_accordion_item title=&#8221;{{Altelis_titre_faq}}&#8221; open=&#8221;on&#8221; _builder_version=&#8221;4.16&#8243; _module_preset=&#8221;default&#8221; global_colors_info=&#8221;{}&#8221; toggle_level=&#8221;h3&#8243;]{{Altelis_contenu_faq}}[\/et_pb_accordion_item][\/et_pb_accordion][\/et_pb_column][\/et_pb_row][\/et_pb_section][et_pb_section fb_built=&#8221;1&#8243; admin_label=&#8221;Choix visas | Section&#8221; module_class=&#8221;global-section fiche-toggle-section animation-type for-toRight vti-toggle-container visas&#8221; _builder_version=&#8221;4.16&#8243; _module_preset=&#8221;default&#8221; collapsed=&#8221;off&#8221; global_colors_info=&#8221;{}&#8221;][et_pb_row admin_label=&#8221;Titre principal&#8221; module_class=&#8221;fiche-title-row&#8221; _builder_version=&#8221;4.16&#8243; _module_preset=&#8221;default&#8221; global_colors_info=&#8221;{}&#8221;][et_pb_column type=&#8221;4_4&#8243; _builder_version=&#8221;4.16&#8243; _module_preset=&#8221;default&#8221; global_colors_info=&#8221;{}&#8221;][et_pb_text admin_label=&#8221;Titre&#8221; module_class=&#8221;title-module center&#8221; _builder_version=&#8221;4.16&#8243; _module_preset=&#8221;default&#8221; locked=&#8221;off&#8221; global_colors_info=&#8221;{}&#8221;]<\/p>\n<h2 class=\"main-title\">Your Visa for Cuba : Visas fees<\/h2>\n<p><strong>NB :<\/strong> The lead times given here are the ones from Consulates and\/or Embassies.<\/p>\n<p>[\/et_pb_text][\/et_pb_column][\/et_pb_row][et_pb_row admin_label=&#8221;Visas Affaire | Row&#8221; module_class=&#8221;fiche-toggle-row affaire {{Altelis_class_visa_affaire}}&#8221; _builder_version=&#8221;4.16&#8243; _module_preset=&#8221;default&#8221; global_colors_info=&#8221;{}&#8221;][et_pb_column type=&#8221;4_4&#8243; _builder_version=&#8221;4.16&#8243; _module_preset=&#8221;default&#8221; global_colors_info=&#8221;{}&#8221;][et_pb_text admin_label=&#8221;Titre&#8221; module_class=&#8221;title-module left subtitle&#8221; _builder_version=&#8221;4.16&#8243; _module_preset=&#8221;default&#8221; locked=&#8221;off&#8221; global_colors_info=&#8221;{}&#8221;]<\/p>\n<h3 class=\"secondary-title\">Visas Business<\/h3>\n<p>[\/et_pb_text][et_pb_code admin_label=&#8221;Visa Affaire Produit | Toggle&#8221; module_class=&#8221;vti-toggle toggle-is-closed product-infos-toggle-radio-addbasket&#8221; _builder_version=&#8221;4.16&#8243; _module_preset=&#8221;default&#8221; locked=&#8221;off&#8221; global_colors_info=&#8221;{}&#8221;]<input name=\"visa\" type=\"radio\" id=\"264480\" value=\"264480\"<!-- [et_pb_line_break_holder] -->    class=&#8217;css-input-product&#8217;><!-- [et_pb_line_break_holder] --><label for=\"264480\"><!-- [et_pb_line_break_holder] -->    <\/p>\n<div class=\"css-product-module default\"><!-- [et_pb_line_break_holder] -->        <\/p>\n<div class=\"css-product-select\"><\/div>\n<p><!-- [et_pb_line_break_holder] -->        <\/p>\n<div class=\"css-product-content\"><!-- [et_pb_line_break_holder] -->            <\/p>\n<div class=\"css-product-top\"><!-- [et_pb_line_break_holder] -->                <\/p>\n<div class=\"col1 is-hidden\"><!-- [et_pb_line_break_holder] -->                    <span class=\"icon-livraison-eclair\"><\/span><!-- [et_pb_line_break_holder] -->                <\/div>\n<p><!-- [et_pb_line_break_holder] -->                <\/p>\n<div class=\"col2\"><!-- [et_pb_line_break_holder] -->                    <\/p>\n<div class=\"title-module left toggle\"><!-- [et_pb_line_break_holder] -->                        <\/p>\n<h3 class=\"main-title\">Single Entry<\/h3>\n<p><!-- [et_pb_line_break_holder] -->                        <div<!-- [et_pb_line_break_holder] -->                            class=&#8221;et_pb_module et_pb_blurb et_pb_blurb_2 help-blurb-module  et_pb_text_align_left  et_pb_blurb_position_top et_pb_bg_layout_light is-hidden&#8221;><!-- [et_pb_line_break_holder] -->                            <\/p>\n<div class=\"et_pb_blurb_content\"><!-- [et_pb_line_break_holder] -->                                <\/p>\n<div class=\"et_pb_blurb_container\"><!-- [et_pb_line_break_holder] -->                                    <\/p>\n<div class=\"et_pb_blurb_description\"><span class=\"icon-aide-information\"><\/span><!-- [et_pb_line_break_holder] -->                                        <pee><\/pee><!-- [et_pb_line_break_holder] -->                                        <\/p>\n<div class=\"help-informations\"><!-- [et_pb_line_break_holder] -->                                            <span>Lorem ipsum dolor sit amet.<\/span><!-- [et_pb_line_break_holder] -->                                        <\/div>\n<p><!-- [et_pb_line_break_holder] -->                                    <\/div>\n<p><!-- [et_pb_line_break_holder] -->                                <\/div>\n<p><!-- [et_pb_line_break_holder] -->                            <\/div>\n<p><!-- [et_pb_line_break_holder] -->                        <\/div>\n<p> <!-- .et_pb_blurb_content --><!-- [et_pb_line_break_holder] -->                    <\/div>\n<p><!-- [et_pb_line_break_holder] -->                    <\/p>\n<div class=\"description\"><!-- [et_pb_line_break_holder] -->                        <pee class=\"description-subtitle\">Between 5 and 8 days processing time<\/pee><!-- [et_pb_line_break_holder] -->                        <pee class=\"description-text\"><!-- [et_pb_line_break_holder] -->                            This single entry visa is valid from 3 to 6 months from the date of issue for a maximum of 30 days on site.<\/pee><!-- [et_pb_line_break_holder] -->                        <\/p>\n<div class=\"fees-infos\"><!-- [et_pb_line_break_holder] -->                            <pee class=\"nota-bene\">Nota Bene<\/pee><!-- [et_pb_line_break_holder] -->                            <pee class=\"fees-text\">Visa pricing is as follows:<\/pee><!-- [et_pb_line_break_holder] -->                            <\/p>\n<ul><!-- [et_pb_line_break_holder] -->                                <\/p>\n<li>VTI Fee: <span class=\"fees-price\">55.20\u20ac<\/span><\/li>\n<p><!-- [et_pb_line_break_holder] -->                           <!-- [et_pb_line_break_holder] -->                                <\/p>\n<li>Consular Fee: <span class=\"fees-price\">105\u20ac<\/span><\/li>\n<p><!-- [et_pb_line_break_holder] -->                            <\/ul>\n<p><!-- [et_pb_line_break_holder] -->                        <\/div>\n<p><!-- [et_pb_line_break_holder] -->                    <\/div>\n<p><!-- [et_pb_line_break_holder] -->                <\/div>\n<p><!-- [et_pb_line_break_holder] -->                <\/p>\n<div class=\"col-right\"><!-- [et_pb_line_break_holder] -->                    <\/p>\n<div class=\"col3\"><!-- [et_pb_line_break_holder] -->                        <\/p>\n<div class=\"vti-plus-moins-button vti-moins-button\">&#8211;<\/div>\n<p><!-- [et_pb_line_break_holder] -->                        <input type=\"number\" value=\"0\" min=\"0\" max=\"10\"><!-- [et_pb_line_break_holder] -->                        <\/p>\n<div class=\"vti-plus-moins-button vti-plus-button\">+<\/div>\n<p><!-- [et_pb_line_break_holder] -->                    <\/div>\n<p><!-- [et_pb_line_break_holder] -->                    <\/p>\n<div class=\"col4\"><!-- [et_pb_line_break_holder] -->                        <pee class=\"prix-ttc\">160.20\u20ac*<\/pee><!-- [et_pb_line_break_holder] -->                      <\/p>\n<div class=\"disclamer-price-mobile\">unit price<\/div>\n<p><!-- [et_pb_line_break_holder] -->                    <\/div>\n<p><!-- [et_pb_line_break_holder] -->                    <\/p>\n<div class=\"col5\"><!-- [et_pb_line_break_holder] -->                        <span class=\"icon-fleche-bas\"><\/span><!-- [et_pb_line_break_holder] -->                    <\/div>\n<p><!-- [et_pb_line_break_holder] -->                <\/div>\n<p><!-- [et_pb_line_break_holder] -->            <\/div>\n<p><!-- [et_pb_line_break_holder] -->            <\/p>\n<div class=\"css-product-bottom\"><!-- [et_pb_line_break_holder] -->                <\/p>\n<div class=\"description\"><!-- [et_pb_line_break_holder] -->                    <pee class=\"description-text\"><!-- [et_pb_line_break_holder] -->                         This single entry visa is valid from 3 to 6 months from the date of issue for a maximum of 30 days on site.<\/pee><!-- [et_pb_line_break_holder] -->                    <\/p>\n<div class=\"fees-infos\"><!-- [et_pb_line_break_holder] -->                        <pee class=\"nota-bene\">Nota Bene<\/pee><!-- [et_pb_line_break_holder] -->                        <pee class=\"fees-text\">Visa pricing is as follows:<\/pee><!-- [et_pb_line_break_holder] -->                        <\/p>\n<ul><!-- [et_pb_line_break_holder] -->                            <\/p>\n<li>VTI Fee: <span class=\"fees-price\">55.20\u20ac<\/span><\/li>\n<p><!-- [et_pb_line_break_holder] -->                         <!-- [et_pb_line_break_holder] -->                            <\/p>\n<li>Consular Fee: <span class=\"fees-price\">105\u20ac<\/span><\/li>\n<p><!-- [et_pb_line_break_holder] -->                        <\/ul>\n<p><!-- [et_pb_line_break_holder] -->                    <\/div>\n<p><!-- [et_pb_line_break_holder] -->                  <\/p>\n<div class=\"disclamer-price\">unit price<\/div>\n<p><!-- [et_pb_line_break_holder] -->                <\/div>\n<p><!-- [et_pb_line_break_holder] -->            <\/div>\n<p><!-- [et_pb_line_break_holder] -->        <\/div>\n<p><!-- [et_pb_line_break_holder] -->    <\/div>\n<p><!-- [et_pb_line_break_holder] --><\/label>[\/et_pb_code][\/et_pb_column][\/et_pb_row][et_pb_row disabled_on=&#8221;on|on|on&#8221; admin_label=&#8221;Visas Tourisme | Row&#8221; module_class=&#8221;fiche-toggle-row tourisme {{Altelis_class_visa_tourisme}}&#8221; _builder_version=&#8221;4.16&#8243; _module_preset=&#8221;default&#8221; disabled=&#8221;on&#8221; global_colors_info=&#8221;{}&#8221;][et_pb_column type=&#8221;4_4&#8243; _builder_version=&#8221;4.16&#8243; _module_preset=&#8221;default&#8221; global_colors_info=&#8221;{}&#8221;][et_pb_text admin_label=&#8221;Titre&#8221; module_class=&#8221;title-module left subtitle&#8221; _builder_version=&#8221;4.16&#8243; _module_preset=&#8221;default&#8221; locked=&#8221;off&#8221; global_colors_info=&#8221;{}&#8221;]<\/p>\n<h3 class=\"secondary-title\">Visas Tourism<\/h3>\n<p>[\/et_pb_text][et_pb_code admin_label=&#8221;Visa Tourisme Produit | Toggle&#8221; module_class=&#8221;vti-toggle toggle-is-closed product-infos-toggle-radio-addbasket&#8221; _builder_version=&#8221;4.16&#8243; _module_preset=&#8221;default&#8221; locked=&#8221;off&#8221; global_colors_info=&#8221;{}&#8221;]<input name=\"visa\" type=\"radio\" id=\"264481\" value=\"264481\"<!-- [et_pb_line_break_holder] -->    class=&#8217;css-input-product&#8217;><!-- [et_pb_line_break_holder] --><label for=\"264481\"><!-- [et_pb_line_break_holder] -->    <\/p>\n<div class=\"css-product-module default\"><!-- [et_pb_line_break_holder] -->        <\/p>\n<div class=\"css-product-select\"><\/div>\n<p><!-- [et_pb_line_break_holder] -->        <\/p>\n<div class=\"css-product-content\"><!-- [et_pb_line_break_holder] -->            <\/p>\n<div class=\"css-product-top\"><!-- [et_pb_line_break_holder] -->                <\/p>\n<div class=\"col1 is-hidden\"><!-- [et_pb_line_break_holder] -->                    <span class=\"icon-livraison-eclair\"><\/span><!-- [et_pb_line_break_holder] -->                <\/div>\n<p><!-- [et_pb_line_break_holder] -->                <\/p>\n<div class=\"col2\"><!-- [et_pb_line_break_holder] -->                    <\/p>\n<div class=\"title-module left toggle\"><!-- [et_pb_line_break_holder] -->                        <\/p>\n<h3 class=\"main-title\">Tourist Card<\/h3>\n<p><!-- [et_pb_line_break_holder] -->                        <div<!-- [et_pb_line_break_holder] -->                            class=&#8221;et_pb_module et_pb_blurb et_pb_blurb_2 help-blurb-module  et_pb_text_align_left  et_pb_blurb_position_top et_pb_bg_layout_light is-hidden&#8221;><!-- [et_pb_line_break_holder] -->                            <\/p>\n<div class=\"et_pb_blurb_content\"><!-- [et_pb_line_break_holder] -->                                <\/p>\n<div class=\"et_pb_blurb_container\"><!-- [et_pb_line_break_holder] -->                                    <\/p>\n<div class=\"et_pb_blurb_description\"><span class=\"icon-aide-information\"><\/span><!-- [et_pb_line_break_holder] -->                                        <pee><\/pee><!-- [et_pb_line_break_holder] -->                                        <\/p>\n<div class=\"help-informations\"><!-- [et_pb_line_break_holder] -->                                            <span>Lorem ipsum dolor sit amet.<\/span><!-- [et_pb_line_break_holder] -->                                        <\/div>\n<p><!-- [et_pb_line_break_holder] -->                                    <\/div>\n<p><!-- [et_pb_line_break_holder] -->                                <\/div>\n<p><!-- [et_pb_line_break_holder] -->                            <\/div>\n<p><!-- [et_pb_line_break_holder] -->                        <\/div>\n<p> <!-- .et_pb_blurb_content --><!-- [et_pb_line_break_holder] -->                    <\/div>\n<p><!-- [et_pb_line_break_holder] -->                    <\/p>\n<div class=\"description\"><!-- [et_pb_line_break_holder] -->                        <pee class=\"description-subtitle\">Between 24 and 48h processing time<\/pee><!-- [et_pb_line_break_holder] -->                        <pee class=\"description-text\"><!-- [et_pb_line_break_holder] -->                            The tourist card is valid for 6 months for a maximum of 30 days on site<\/pee><!-- [et_pb_line_break_holder] -->                        <\/p>\n<div class=\"fees-infos\"><!-- [et_pb_line_break_holder] -->                            <pee class=\"nota-bene\">Nota Bene<\/pee><!-- [et_pb_line_break_holder] -->                            <pee class=\"fees-text\">Visa pricing is as follows:<\/pee><!-- [et_pb_line_break_holder] -->                            <\/p>\n<ul><!-- [et_pb_line_break_holder] -->                                <\/p>\n<li>VTI Fee: <span class=\"fees-price\">55.20\u20ac<\/span><\/li>\n<p><!-- [et_pb_line_break_holder] -->                              <!-- [et_pb_line_break_holder] -->                                <\/p>\n<li>Consular Fee: <span class=\"fees-price\">47\u20ac<\/span><\/li>\n<p><!-- [et_pb_line_break_holder] -->                            <\/ul>\n<p><!-- [et_pb_line_break_holder] -->                        <\/div>\n<p><!-- [et_pb_line_break_holder] -->                    <\/div>\n<p><!-- [et_pb_line_break_holder] -->                <\/div>\n<p><!-- [et_pb_line_break_holder] -->                <\/p>\n<div class=\"col-right\"><!-- [et_pb_line_break_holder] -->                    <\/p>\n<div class=\"col3\"><!-- [et_pb_line_break_holder] -->                        <\/p>\n<div class=\"vti-plus-moins-button vti-moins-button\">&#8211;<\/div>\n<p><!-- [et_pb_line_break_holder] -->                        <input type=\"number\" value=\"0\" min=\"0\" max=\"10\"><!-- [et_pb_line_break_holder] -->                        <\/p>\n<div class=\"vti-plus-moins-button vti-plus-button\">+<\/div>\n<p><!-- [et_pb_line_break_holder] -->                    <\/div>\n<p><!-- [et_pb_line_break_holder] -->                    <\/p>\n<div class=\"col4\"><!-- [et_pb_line_break_holder] -->                        <pee class=\"prix-ttc\">102.20\u20ac*<\/pee><!-- [et_pb_line_break_holder] -->                      <\/p>\n<div class=\"disclamer-price-mobile\">unit price<\/div>\n<p><!-- [et_pb_line_break_holder] -->                    <\/div>\n<p><!-- [et_pb_line_break_holder] -->                    <\/p>\n<div class=\"col5\"><!-- [et_pb_line_break_holder] -->                        <span class=\"icon-fleche-bas\"><\/span><!-- [et_pb_line_break_holder] -->                    <\/div>\n<p><!-- [et_pb_line_break_holder] -->                <\/div>\n<p><!-- [et_pb_line_break_holder] -->            <\/div>\n<p><!-- [et_pb_line_break_holder] -->            <\/p>\n<div class=\"css-product-bottom\"><!-- [et_pb_line_break_holder] -->                <\/p>\n<div class=\"description\"><!-- [et_pb_line_break_holder] -->                    <pee class=\"description-text\"><!-- [et_pb_line_break_holder] -->                        The tourist card is valid for 6 months for a maximum of 30 days on site<\/pee><!-- [et_pb_line_break_holder] -->                    <\/p>\n<div class=\"fees-infos\"><!-- [et_pb_line_break_holder] -->                        <pee class=\"nota-bene\">Nota Bene<\/pee><!-- [et_pb_line_break_holder] -->                        <pee class=\"fees-text\">Visa pricing is as follows:<\/pee><!-- [et_pb_line_break_holder] -->                        <\/p>\n<ul><!-- [et_pb_line_break_holder] -->                            <\/p>\n<li>VTI Fee: <span class=\"fees-price\">55.20\u20ac<\/span><\/li>\n<p><!-- [et_pb_line_break_holder] -->                         <!-- [et_pb_line_break_holder] -->                            <\/p>\n<li>Consular Fee: <span class=\"fees-price\">47\u20ac<\/span><\/li>\n<p><!-- [et_pb_line_break_holder] -->                        <\/ul>\n<p><!-- [et_pb_line_break_holder] -->                    <\/div>\n<p><!-- [et_pb_line_break_holder] -->                  <\/p>\n<div class=\"disclamer-price\">unit price<\/div>\n<p><!-- [et_pb_line_break_holder] -->                <\/div>\n<p><!-- [et_pb_line_break_holder] -->            <\/div>\n<p><!-- [et_pb_line_break_holder] -->        <\/div>\n<p><!-- [et_pb_line_break_holder] -->    <\/div>\n<p><!-- [et_pb_line_break_holder] --><\/label>[\/et_pb_code][\/et_pb_column][\/et_pb_row][et_pb_row admin_label=&#8221;eVisas| Row&#8221; module_class=&#8221;fiche-toggle-row affaire {{Altelis_class_visa_affaire}}&#8221; _builder_version=&#8221;4.16&#8243; _module_preset=&#8221;default&#8221; global_colors_info=&#8221;{}&#8221;][et_pb_column type=&#8221;4_4&#8243; _builder_version=&#8221;4.16&#8243; _module_preset=&#8221;default&#8221; global_colors_info=&#8221;{}&#8221;][et_pb_text admin_label=&#8221;Titre&#8221; module_class=&#8221;title-module left subtitle&#8221; _builder_version=&#8221;4.16&#8243; _module_preset=&#8221;default&#8221; locked=&#8221;off&#8221; global_colors_info=&#8221;{}&#8221;]<\/p>\n<h3 class=\"secondary-title\">eVisa<\/h3>\n<p>[\/et_pb_text][et_pb_code admin_label=&#8221;eVisa Tourisme| Toggle&#8221; module_class=&#8221;vti-toggle toggle-is-closed product-infos-toggle-radio-addbasket&#8221; _builder_version=&#8221;4.18.0&#8243; _module_preset=&#8221;default&#8221; locked=&#8221;off&#8221; global_colors_info=&#8221;{}&#8221;]<input name=\"visa\" type=\"radio\" id=\"visa-affaire-id-287840\" value=\"287840\"<!-- [et_pb_line_break_holder] -->    class=&#8217;css-input-product&#8217;><!-- [et_pb_line_break_holder] --><label for=\"visa-affaire-id-287840\"><!-- [et_pb_line_break_holder] -->    <\/p>\n<div class=\"css-product-module default\"><!-- [et_pb_line_break_holder] -->        <\/p>\n<div class=\"css-product-select\"><\/div>\n<p><!-- [et_pb_line_break_holder] -->        <\/p>\n<div class=\"css-product-content\"><!-- [et_pb_line_break_holder] -->            <\/p>\n<div class=\"css-product-top\"><!-- [et_pb_line_break_holder] -->                <\/p>\n<div class=\"col1 is-hidden\"><!-- [et_pb_line_break_holder] -->                    <span class=\"icon-livraison-eclair\"><\/span><!-- [et_pb_line_break_holder] -->                <\/div>\n<p><!-- [et_pb_line_break_holder] -->                <\/p>\n<div class=\"col2\"><!-- [et_pb_line_break_holder] -->                    <\/p>\n<div class=\"title-module left toggle\"><!-- [et_pb_line_break_holder] -->                        <\/p>\n<h3 class=\"main-title\">Tourism Single entry<\/h3>\n<p><!-- [et_pb_line_break_holder] -->                        <div<!-- [et_pb_line_break_holder] -->                            class=&#8221;et_pb_module et_pb_blurb et_pb_blurb_2 help-blurb-module  et_pb_text_align_left  et_pb_blurb_position_top et_pb_bg_layout_light is-hidden&#8221;><!-- [et_pb_line_break_holder] -->                            <\/p>\n<div class=\"et_pb_blurb_content\"><!-- [et_pb_line_break_holder] -->                                <\/p>\n<div class=\"et_pb_blurb_container\"><!-- [et_pb_line_break_holder] -->                                    <\/p>\n<div class=\"et_pb_blurb_description\"><span class=\"icon-aide-information\"><\/span><!-- [et_pb_line_break_holder] -->                                        <pee><\/pee><!-- [et_pb_line_break_holder] -->                                        <\/p>\n<div class=\"help-informations\"><!-- [et_pb_line_break_holder] -->                                            <span>Lorem ipsum dolor sit amet.<\/span><!-- [et_pb_line_break_holder] -->                                        <\/div>\n<p><!-- [et_pb_line_break_holder] -->                                    <\/div>\n<p><!-- [et_pb_line_break_holder] -->                                <\/div>\n<p><!-- [et_pb_line_break_holder] -->                            <\/div>\n<p><!-- [et_pb_line_break_holder] -->                        <\/div>\n<p> <!-- .et_pb_blurb_content --><!-- [et_pb_line_break_holder] -->                    <\/div>\n<p><!-- [et_pb_line_break_holder] -->                    <\/p>\n<div class=\"description\"><!-- [et_pb_line_break_holder] -->                        <pee class=\"description-subtitle\">Processing time between 3 and 5 days<\/pee><!-- [et_pb_line_break_holder] -->                        <pee class=\"description-text\"><!-- [et_pb_line_break_holder] -->                            The eVisa is valid 90 days and renewable 90 days on site<\/pee><!-- [et_pb_line_break_holder] -->                        <\/p>\n<div class=\"fees-infos\"><!-- [et_pb_line_break_holder] -->                            <pee class=\"nota-bene\">Nota Bene<\/pee><!-- [et_pb_line_break_holder] -->                            <pee class=\"fees-text\">Visa pricing is as follows:<\/pee><!-- [et_pb_line_break_holder] -->                            <\/p>\n<ul><!-- [et_pb_line_break_holder] -->                                <\/p>\n<li>VTI Fee: <span class=\"fees-price\">70.00\u20ac<\/span><\/li>\n<p><!-- [et_pb_line_break_holder] -->                              <!-- [et_pb_line_break_holder] -->                                <\/p>\n<li>Consular Fee: <span class=\"fees-price\">22.00\u20ac<\/span><\/li>\n<p><!-- [et_pb_line_break_holder] -->                            <\/ul>\n<p><!-- [et_pb_line_break_holder] -->                        <\/div>\n<p><!-- [et_pb_line_break_holder] -->                    <\/div>\n<p><!-- [et_pb_line_break_holder] -->                <\/div>\n<p><!-- [et_pb_line_break_holder] -->                <\/p>\n<div class=\"col-right\"><!-- [et_pb_line_break_holder] -->                    <\/p>\n<div class=\"col3\"><!-- [et_pb_line_break_holder] -->                        <\/p>\n<div class=\"vti-plus-moins-button vti-moins-button\">&#8211;<\/div>\n<p><!-- [et_pb_line_break_holder] -->                        <input type=\"number\" value=\"0\" min=\"0\" max=\"10\"><!-- [et_pb_line_break_holder] -->                        <\/p>\n<div class=\"vti-plus-moins-button vti-plus-button\">+<\/div>\n<p><!-- [et_pb_line_break_holder] -->                    <\/div>\n<p><!-- [et_pb_line_break_holder] -->                    <\/p>\n<div class=\"col4\"><!-- [et_pb_line_break_holder] -->                        <pee class=\"prix-ttc\">92.00\u20ac*<\/pee><!-- [et_pb_line_break_holder] -->                      <\/p>\n<div class=\"disclamer-price-mobile\">unit price<\/div>\n<p><!-- [et_pb_line_break_holder] -->                    <\/div>\n<p><!-- [et_pb_line_break_holder] -->                    <\/p>\n<div class=\"col5\"><!-- [et_pb_line_break_holder] -->                        <span class=\"icon-fleche-bas\"><\/span><!-- [et_pb_line_break_holder] -->                    <\/div>\n<p><!-- [et_pb_line_break_holder] -->                <\/div>\n<p><!-- [et_pb_line_break_holder] -->            <\/div>\n<p><!-- [et_pb_line_break_holder] -->            <\/p>\n<div class=\"css-product-bottom\"><!-- [et_pb_line_break_holder] -->                <\/p>\n<div class=\"description\"><!-- [et_pb_line_break_holder] -->                    <pee class=\"description-text\"><!-- [et_pb_line_break_holder] -->                        The eVisa is valid 90 days and renewable 90 days on site<\/pee><!-- [et_pb_line_break_holder] -->                    <\/p>\n<div class=\"fees-infos\"><!-- [et_pb_line_break_holder] -->                        <pee class=\"nota-bene\">Nota Bene<\/pee><!-- [et_pb_line_break_holder] -->                        <pee class=\"fees-text\">Visa pricing is as follows:<\/pee><!-- [et_pb_line_break_holder] -->                        <\/p>\n<ul><!-- [et_pb_line_break_holder] -->                            <\/p>\n<li>VTI Fee: <span class=\"fees-price\">70.00\u20ac<\/span><\/li>\n<p><!-- [et_pb_line_break_holder] -->                          <!-- [et_pb_line_break_holder] -->                            <\/p>\n<li>Consular Fee: <span class=\"fees-price\">22.00\u20ac<\/span><\/li>\n<p><!-- [et_pb_line_break_holder] -->                        <\/ul>\n<p><!-- [et_pb_line_break_holder] -->                    <\/div>\n<p><!-- [et_pb_line_break_holder] -->                  <\/p>\n<div class=\"disclamer-price\">unit price<\/div>\n<p><!-- [et_pb_line_break_holder] -->                <\/div>\n<p><!-- [et_pb_line_break_holder] -->            <\/div>\n<p><!-- [et_pb_line_break_holder] -->        <\/div>\n<p><!-- [et_pb_line_break_holder] -->    <\/div>\n<p><!-- [et_pb_line_break_holder] --><\/label>[\/et_pb_code][\/et_pb_column][\/et_pb_row][et_pb_row admin_label=&#8221;EN &#8211; Fiche pays &#8211; Bouton Commander | Row&#8221; module_class=&#8221;fiche-button-row&#8221; _builder_version=&#8221;4.7.4&#8243; _module_preset=&#8221;default&#8221; global_module=&#8221;252941&#8243; saved_tabs=&#8221;all&#8221; collapsed=&#8221;off&#8221; global_colors_info=&#8221;{}&#8221;][et_pb_column type=&#8221;4_4&#8243; _builder_version=&#8221;4.16&#8243; _module_preset=&#8221;default&#8221; global_colors_info=&#8221;{}&#8221;][et_pb_button button_text=&#8221;Order&#8221; admin_label=&#8221;Bouton&#8221; module_class=&#8221;global-btn red-full basket&#8221; _builder_version=&#8221;4.16&#8243; _module_preset=&#8221;default&#8221; locked=&#8221;off&#8221; global_colors_info=&#8221;{}&#8221;][\/et_pb_button][\/et_pb_column][\/et_pb_row][\/et_pb_section][et_pb_section fb_built=&#8221;1&#8243; admin_label=&#8221;Conseils VTI | Section&#8221; module_class=&#8221;global-section advices-section animation-type for-toRight&#8221; _builder_version=&#8221;4.16&#8243; _module_preset=&#8221;default&#8221; collapsed=&#8221;on&#8221; global_colors_info=&#8221;{}&#8221;][et_pb_row admin_label=&#8221;Titre&#8221; module_class=&#8221;advices-title-row&#8221; _builder_version=&#8221;4.16&#8243; _module_preset=&#8221;default&#8221; global_colors_info=&#8221;{}&#8221;][et_pb_column type=&#8221;4_4&#8243; _builder_version=&#8221;4.16&#8243; _module_preset=&#8221;default&#8221; global_colors_info=&#8221;{}&#8221;][et_pb_text admin_label=&#8221;Titre&#8221; module_class=&#8221;title-module center picto lamp&#8221; _builder_version=&#8221;4.16&#8243; _module_preset=&#8221;default&#8221; locked=&#8221;off&#8221; global_colors_info=&#8221;{}&#8221;]<\/p>\n<h2 class=\"main-title\">VTI&#8217;s advice for your trip to Cuba<\/h2>\n<p>[\/et_pb_text][\/et_pb_column][\/et_pb_row][et_pb_row admin_label=&#8221;Textes &#8211; Yellow Background | Row&#8221; module_class=&#8221;advices-text-row&#8221; _builder_version=&#8221;4.16&#8243; _module_preset=&#8221;default&#8221; locked=&#8221;off&#8221; global_colors_info=&#8221;{}&#8221;][et_pb_column type=&#8221;4_4&#8243; _builder_version=&#8221;4.16&#8243; _module_preset=&#8221;default&#8221; global_colors_info=&#8221;{}&#8221;][et_pb_text admin_label=&#8221;Texte&#8221; module_class=&#8221;text-module yellow-bg stamp&#8221; _builder_version=&#8221;4.16&#8243; _module_preset=&#8221;default&#8221; locked=&#8221;off&#8221; global_colors_info=&#8221;{}&#8221;]<\/p>\n<p><span>Beware, following the health crisis, upon your arrival in Cuba, you must show the negative result of a PCR test performed less than 72 hours before arrival, submit to a PCR test, mandatory, at the airport and pay a health tax amounting to 30 USD.<\/span><\/p>\n<p>[\/et_pb_text][\/et_pb_column][\/et_pb_row][\/et_pb_section][et_pb_section fb_built=&#8221;1&#8243; disabled_on=&#8221;on|on|on&#8221; admin_label=&#8221;Actualites Pays | Section&#8221; module_class=&#8221;global-section visas blog-slider-section actu dark-arrow animation-type for-toRight&#8221; _builder_version=&#8221;4.16&#8243; _module_preset=&#8221;default&#8221; disabled=&#8221;on&#8221; locked=&#8221;off&#8221; collapsed=&#8221;on&#8221; global_colors_info=&#8221;{}&#8221;][et_pb_row admin_label=&#8221;Titres | Row&#8221; module_class=&#8221;blog-slider-title-row&#8221; _builder_version=&#8221;4.16&#8243; _module_preset=&#8221;default&#8221; global_colors_info=&#8221;{}&#8221;][et_pb_column type=&#8221;4_4&#8243; _builder_version=&#8221;4.16&#8243; _module_preset=&#8221;default&#8221; global_colors_info=&#8221;{}&#8221;][et_pb_text admin_label=&#8221;Titres&#8221; module_class=&#8221;title-module center&#8221; _builder_version=&#8221;4.16&#8243; _module_preset=&#8221;default&#8221; global_colors_info=&#8221;{}&#8221;]<\/p>\n<h2 class=\"main-title\">The latest news about {{Altelis_Nom_Pays}}<\/h2>\n<p>[\/et_pb_text][\/et_pb_column][\/et_pb_row][et_pb_row admin_label=&#8221;Blocs | Row&#8221; module_class=&#8221;blog-slider-row&#8221; _builder_version=&#8221;4.16&#8243; _module_preset=&#8221;default&#8221; global_colors_info=&#8221;{}&#8221;][et_pb_column type=&#8221;4_4&#8243; _builder_version=&#8221;4.16&#8243; _module_preset=&#8221;default&#8221; global_colors_info=&#8221;{}&#8221;][et_pb_blog include_categories=&#8221;all&#8221; meta_date=&#8221;j M Y&#8221; excerpt_length=&#8221;100&#8243; show_author=&#8221;off&#8221; show_pagination=&#8221;off&#8221; admin_label=&#8221;Module Actu Pays&#8221; _builder_version=&#8221;4.16&#8243; _module_preset=&#8221;default&#8221; global_colors_info=&#8221;{}&#8221;][\/et_pb_blog][\/et_pb_column][\/et_pb_row][\/et_pb_section][et_pb_section fb_built=&#8221;1&#8243; admin_label=&#8221;EN &#8211; Visas Fiche Pays &#8211; Bouton Retour | Section&#8221; module_class=&#8221;global-section back-button-section animation-type for-toLeft&#8221; _builder_version=&#8221;4.7.4&#8243; _module_preset=&#8221;default&#8221; global_module=&#8221;252944&#8243; saved_tabs=&#8221;all&#8221; locked=&#8221;off&#8221; collapsed=&#8221;off&#8221; global_colors_info=&#8221;{}&#8221;][et_pb_row admin_label=&#8221;Boutons jaunes &#8211; Texte &#038; Picto | Row&#8221; _builder_version=&#8221;4.16&#8243; _module_preset=&#8221;default&#8221; collapsed=&#8221;on&#8221; global_colors_info=&#8221;{}&#8221;][et_pb_column type=&#8221;4_4&#8243; _builder_version=&#8221;4.16&#8243; _module_preset=&#8221;default&#8221; global_colors_info=&#8221;{}&#8221;][et_pb_button button_url=&#8221;\/en\/visas\/&#8221; button_text=&#8221;Back&#8221; admin_label=&#8221;Bouton &#8211; Jaune plein &#8211; Texte &#8211; Retour&#8221; module_class=&#8221;global-btn yellow-full arrow-left back&#8221; _builder_version=&#8221;4.16&#8243; _module_preset=&#8221;default&#8221; global_colors_info=&#8221;{}&#8221;][\/et_pb_button][\/et_pb_column][\/et_pb_row][\/et_pb_section]<\/p>\n","protected":false},"excerpt":{"rendered":"<p>Visas for Cuba Visa Travel InternationalImportant information for Cuba Information and conditions of entry into the country Documents to be providedTo travel to Cuba a Visa or eVisa is usually required with a few exceptions. Are exempt from visas, if stay of less than 90 days: Liechtenstein, Malaysia, Montenegro and Serbia. If the stay does [&hellip;]<\/p>\n","protected":false},"author":24,"featured_media":0,"parent":252919,"menu_order":0,"comment_status":"closed","ping_status":"closed","template":"","meta":{"_et_pb_use_builder":"on","_et_pb_old_content":"<!-- wp:divi\/placeholder \/-->","_et_gb_content_width":""},"yoast_head":"<!-- This site is optimized with the Yoast SEO plugin v19.7.1 - https:\/\/yoast.com\/wordpress\/plugins\/seo\/ -->\n<title>VISA | CUBA | VISA TRAVEL INTERNATIONAL<\/title>\n<meta name=\"description\" content=\"To travel to Cuba a visa is usually required with a few exceptions. Visa Travel International is an agency approved by the Cuban Consulate to assist you in your steps, regardless of the type of visa you would need. To this end you will find on this page all the information and answers to the questions that will be useful to you in order to obtain your visa.\" \/>\n<meta name=\"robots\" content=\"index, follow, max-snippet:-1, max-image-preview:large, max-video-preview:-1\" \/>\n<link rel=\"canonical\" href=\"https:\/\/www.visatravel.fr\/en\/visas\/cuba\/\" \/>\n<meta property=\"og:locale\" content=\"en_US\" \/>\n<meta property=\"og:type\" content=\"article\" \/>\n<meta property=\"og:title\" content=\"VISA | CUBA | VISA TRAVEL INTERNATIONAL\" \/>\n<meta property=\"og:description\" content=\"To travel to Cuba a visa is usually required with a few exceptions. Visa Travel International is an agency approved by the Cuban Consulate to assist you in your steps, regardless of the type of visa you would need. To this end you will find on this page all the information and answers to the questions that will be useful to you in order to obtain your visa.\" \/>\n<meta property=\"og:url\" content=\"https:\/\/www.visatravel.fr\/en\/visas\/cuba\/\" \/>\n<meta property=\"og:site_name\" content=\"Visa Travel International\" \/>\n<meta property=\"article:modified_time\" content=\"2024-09-26T12:08:08+00:00\" \/>\n<meta name=\"twitter:card\" content=\"summary_large_image\" \/>\n<meta name=\"twitter:label1\" content=\"Est. reading time\" \/>\n\t<meta name=\"twitter:data1\" content=\"8 minutes\" \/>\n<script type=\"application\/ld+json\" class=\"yoast-schema-graph\">{\"@context\":\"https:\/\/schema.org\",\"@graph\":[{\"@type\":\"WebPage\",\"@id\":\"https:\/\/www.visatravel.fr\/en\/visas\/cuba\/\",\"url\":\"https:\/\/www.visatravel.fr\/en\/visas\/cuba\/\",\"name\":\"VISA | CUBA | VISA TRAVEL INTERNATIONAL\",\"isPartOf\":{\"@id\":\"https:\/\/www.visatravel.fr\/en\/#website\"},\"datePublished\":\"2021-03-22T11:19:08+00:00\",\"dateModified\":\"2024-09-26T12:08:08+00:00\",\"description\":\"To travel to Cuba a visa is usually required with a few exceptions. Visa Travel International is an agency approved by the Cuban Consulate to assist you in your steps, regardless of the type of visa you would need. To this end you will find on this page all the information and answers to the questions that will be useful to you in order to obtain your visa.\",\"breadcrumb\":{\"@id\":\"https:\/\/www.visatravel.fr\/en\/visas\/cuba\/#breadcrumb\"},\"inLanguage\":\"en-US\",\"potentialAction\":[{\"@type\":\"ReadAction\",\"target\":[\"https:\/\/www.visatravel.fr\/en\/visas\/cuba\/\"]}]},{\"@type\":\"BreadcrumbList\",\"@id\":\"https:\/\/www.visatravel.fr\/en\/visas\/cuba\/#breadcrumb\",\"itemListElement\":[{\"@type\":\"ListItem\",\"position\":1,\"name\":\"Home\",\"item\":\"https:\/\/www.visatravel.fr\/en\/\"},{\"@type\":\"ListItem\",\"position\":2,\"name\":\"Visas\",\"item\":\"https:\/\/www.visatravel.fr\/en\/visas\/\"},{\"@type\":\"ListItem\",\"position\":3,\"name\":\"Visa &#8211; Cuba\"}]},{\"@type\":\"WebSite\",\"@id\":\"https:\/\/www.visatravel.fr\/en\/#website\",\"url\":\"https:\/\/www.visatravel.fr\/en\/\",\"name\":\"Visa Travel International\",\"description\":\"Visa Travel International est une soci\u00e9t\u00e9 fran\u00e7aise d\u00e9di\u00e9e \u00e0 la mobilit\u00e9 dans le monde, dirig\u00e9e par des professionnels du tourisme \u00e0 votre \u00e9coute.\",\"potentialAction\":[{\"@type\":\"SearchAction\",\"target\":{\"@type\":\"EntryPoint\",\"urlTemplate\":\"https:\/\/www.visatravel.fr\/en\/?s={search_term_string}\"},\"query-input\":\"required name=search_term_string\"}],\"inLanguage\":\"en-US\"}]}<\/script>\n<!-- \/ Yoast SEO plugin. -->","yoast_head_json":{"title":"VISA | CUBA | VISA TRAVEL INTERNATIONAL","description":"To travel to Cuba a visa is usually required with a few exceptions. Visa Travel International is an agency approved by the Cuban Consulate to assist you in your steps, regardless of the type of visa you would need. To this end you will find on this page all the information and answers to the questions that will be useful to you in order to obtain your visa.","robots":{"index":"index","follow":"follow","max-snippet":"max-snippet:-1","max-image-preview":"max-image-preview:large","max-video-preview":"max-video-preview:-1"},"canonical":"https:\/\/www.visatravel.fr\/en\/visas\/cuba\/","og_locale":"en_US","og_type":"article","og_title":"VISA | CUBA | VISA TRAVEL INTERNATIONAL","og_description":"To travel to Cuba a visa is usually required with a few exceptions. Visa Travel International is an agency approved by the Cuban Consulate to assist you in your steps, regardless of the type of visa you would need. To this end you will find on this page all the information and answers to the questions that will be useful to you in order to obtain your visa.","og_url":"https:\/\/www.visatravel.fr\/en\/visas\/cuba\/","og_site_name":"Visa Travel International","article_modified_time":"2024-09-26T12:08:08+00:00","twitter_card":"summary_large_image","twitter_misc":{"Est. reading time":"8 minutes"},"schema":{"@context":"https:\/\/schema.org","@graph":[{"@type":"WebPage","@id":"https:\/\/www.visatravel.fr\/en\/visas\/cuba\/","url":"https:\/\/www.visatravel.fr\/en\/visas\/cuba\/","name":"VISA | CUBA | VISA TRAVEL INTERNATIONAL","isPartOf":{"@id":"https:\/\/www.visatravel.fr\/en\/#website"},"datePublished":"2021-03-22T11:19:08+00:00","dateModified":"2024-09-26T12:08:08+00:00","description":"To travel to Cuba a visa is usually required with a few exceptions. Visa Travel International is an agency approved by the Cuban Consulate to assist you in your steps, regardless of the type of visa you would need. To this end you will find on this page all the information and answers to the questions that will be useful to you in order to obtain your visa.","breadcrumb":{"@id":"https:\/\/www.visatravel.fr\/en\/visas\/cuba\/#breadcrumb"},"inLanguage":"en-US","potentialAction":[{"@type":"ReadAction","target":["https:\/\/www.visatravel.fr\/en\/visas\/cuba\/"]}]},{"@type":"BreadcrumbList","@id":"https:\/\/www.visatravel.fr\/en\/visas\/cuba\/#breadcrumb","itemListElement":[{"@type":"ListItem","position":1,"name":"Home","item":"https:\/\/www.visatravel.fr\/en\/"},{"@type":"ListItem","position":2,"name":"Visas","item":"https:\/\/www.visatravel.fr\/en\/visas\/"},{"@type":"ListItem","position":3,"name":"Visa &#8211; Cuba"}]},{"@type":"WebSite","@id":"https:\/\/www.visatravel.fr\/en\/#website","url":"https:\/\/www.visatravel.fr\/en\/","name":"Visa Travel International","description":"Visa Travel International est une soci\u00e9t\u00e9 fran\u00e7aise d\u00e9di\u00e9e \u00e0 la mobilit\u00e9 dans le monde, dirig\u00e9e par des professionnels du tourisme \u00e0 votre \u00e9coute.","potentialAction":[{"@type":"SearchAction","target":{"@type":"EntryPoint","urlTemplate":"https:\/\/www.visatravel.fr\/en\/?s={search_term_string}"},"query-input":"required name=search_term_string"}],"inLanguage":"en-US"}]}},"_links":{"self":[{"href":"https:\/\/www.visatravel.fr\/en\/wp-json\/wp\/v2\/pages\/264478"}],"collection":[{"href":"https:\/\/www.visatravel.fr\/en\/wp-json\/wp\/v2\/pages"}],"about":[{"href":"https:\/\/www.visatravel.fr\/en\/wp-json\/wp\/v2\/types\/page"}],"author":[{"embeddable":true,"href":"https:\/\/www.visatravel.fr\/en\/wp-json\/wp\/v2\/users\/24"}],"replies":[{"embeddable":true,"href":"https:\/\/www.visatravel.fr\/en\/wp-json\/wp\/v2\/comments?post=264478"}],"version-history":[{"count":48,"href":"https:\/\/www.visatravel.fr\/en\/wp-json\/wp\/v2\/pages\/264478\/revisions"}],"predecessor-version":[{"id":288753,"href":"https:\/\/www.visatravel.fr\/en\/wp-json\/wp\/v2\/pages\/264478\/revisions\/288753"}],"up":[{"embeddable":true,"href":"https:\/\/www.visatravel.fr\/en\/wp-json\/wp\/v2\/pages\/252919"}],"wp:attachment":[{"href":"https:\/\/www.visatravel.fr\/en\/wp-json\/wp\/v2\/media?parent=264478"}],"curies":[{"name":"wp","href":"https:\/\/api.w.org\/{rel}","templated":true}]}}